{"id":6,"date":"2022-01-06T21:56:27","date_gmt":"2022-01-06T20:56:27","guid":{"rendered":"https:\/\/spendenmarathon.werder12emskoeppe.de\/neu\/?page_id=6"},"modified":"2022-04-19T11:11:11","modified_gmt":"2022-04-19T09:11:11","slug":"startseite","status":"publish","type":"page","link":"https:\/\/spendenmarathon.werder12emskoeppe.de\/","title":{"rendered":"Spenden-Tandem-Marathon f\u00fcr die Emsland Rolli Mobility"},"content":{"rendered":"\n<figure class=\"wp-block-image size-large\"><img loading=\"lazy\" decoding=\"async\" width=\"758\" height=\"1024\" src=\"https:\/\/spendenmarathon.werder12emskoeppe.de\/neu\/wp-content\/uploads\/2022\/01\/infologo-2-758x1024.jpg\" alt=\"\" class=\"wp-image-22\" srcset=\"https:\/\/spendenmarathon.werder12emskoeppe.de\/wp-content\/uploads\/2022\/01\/infologo-2-758x1024.jpg 758w, https:\/\/spendenmarathon.werder12emskoeppe.de\/wp-content\/uploads\/2022\/01\/infologo-2-222x300.jpg 222w, https:\/\/spendenmarathon.werder12emskoeppe.de\/wp-content\/uploads\/2022\/01\/infologo-2-768x1037.jpg 768w, https:\/\/spendenmarathon.werder12emskoeppe.de\/wp-content\/uploads\/2022\/01\/infologo-2-400x540.jpg 400w, https:\/\/spendenmarathon.werder12emskoeppe.de\/wp-content\/uploads\/2022\/01\/infologo-2-800x1081.jpg 800w, https:\/\/spendenmarathon.werder12emskoeppe.de\/wp-content\/uploads\/2022\/01\/infologo-2.jpg 998w\" sizes=\"auto, (max-width: 758px) 100vw, 758px\" \/><figcaption><mark style=\"background-color:rgba(0, 0, 0, 0);color:#ff9b00\" class=\"has-inline-color\"><strong>Am Ostermontag wird Bj\u00f6rn die 42,195 Kilometer gemeinsam mit Jorge von den Emsland Rolli Kids, der aufgrund einer spastischen Diparese seit seiner Geburt im Rollstuhl sitzt, bew\u00e4ltigen.<\/strong> <\/mark><\/figcaption><\/figure>\n\n\n\n<h2 class=\"wp-block-heading\" id=\"schockdiagnose-ms-was-nun-ein-leben-mit-multiple-sklerose\">S<strong>chockdiagnose MS &#8211; <span class=\"has-inline-color has-black-color\">Was nun? <\/span>&#8211; Ein Leben mit Multiple Sklerose<\/strong> <\/h2>\n\n\n\n<figure class=\"wp-block-image size-large\"><a href=\"https:\/\/www.ndr.de\/fernsehen\/sendungen\/hallo_niedersachsen\/Meppen-Tandem-Marathon-fuer-einen-guten-Zweck,hallonds72608.html\"><img loading=\"lazy\" decoding=\"async\" width=\"1024\" height=\"554\" src=\"https:\/\/spendenmarathon.werder12emskoeppe.de\/wp-content\/uploads\/2022\/04\/Screenshot_20220419-110550_Samsung-Internet-1-1024x554.jpg\" alt=\"\" class=\"wp-image-405\" srcset=\"https:\/\/spendenmarathon.werder12emskoeppe.de\/wp-content\/uploads\/2022\/04\/Screenshot_20220419-110550_Samsung-Internet-1-1024x554.jpg 1024w, https:\/\/spendenmarathon.werder12emskoeppe.de\/wp-content\/uploads\/2022\/04\/Screenshot_20220419-110550_Samsung-Internet-1-300x162.jpg 300w, https:\/\/spendenmarathon.werder12emskoeppe.de\/wp-content\/uploads\/2022\/04\/Screenshot_20220419-110550_Samsung-Internet-1-768x415.jpg 768w, https:\/\/spendenmarathon.werder12emskoeppe.de\/wp-content\/uploads\/2022\/04\/Screenshot_20220419-110550_Samsung-Internet-1-400x216.jpg 400w, https:\/\/spendenmarathon.werder12emskoeppe.de\/wp-content\/uploads\/2022\/04\/Screenshot_20220419-110550_Samsung-Internet-1-800x433.jpg 800w, https:\/\/spendenmarathon.werder12emskoeppe.de\/wp-content\/uploads\/2022\/04\/Screenshot_20220419-110550_Samsung-Internet-1.jpg 1080w\" sizes=\"auto, (max-width: 1024px) 100vw, 1024px\" \/><\/a><figcaption>NDR &#8222;Hallo Niedersachsen&#8220; 18.04.2022 <\/figcaption><\/figure>\n\n\n\n<p class=\"has-text-align-left\">Seit fast einem Jahrzehnt unterst\u00fctzen wir vom Werder Bremen Fanclub &#8222;Werder 12 Emsk\u00f6ppe&#8220; die Emsland Rolli Kids<br>von der Behinderten Sportgemeinschaft (BSG) Meppen e.V. mit verschiedensten Aktionen (wie z.B. Einrollkids bei Werder Bremen und SV Meppen, Stadionbesichtigung, u.v.w.m.), um den Kids W\u00fcnsche zu erf\u00fcllen!<br>Doch dieses Jahr sind die Kids mit einem besonderen Wunsch auf uns zugekommen.<\/p>\n\n\n\n<figure class=\"wp-block-embed is-type-video is-provider-youtube wp-block-embed-youtube wp-embed-aspect-16-9 wp-has-aspect-ratio\"><div class=\"wp-block-embed__wrapper\">\n<iframe loading=\"lazy\" title=\"Spenden Tandem Marathon 2022\" width=\"520\" height=\"293\" src=\"https:\/\/www.youtube.com\/embed\/HGgv0rk2tPc?feature=oembed\" frameborder=\"0\" allow=\"accelerometer; autoplay; clipboard-write; encrypted-media; gyroscope; picture-in-picture; web-share\" referrerpolicy=\"strict-origin-when-cross-origin\" allowfullscreen><\/iframe>\n<\/div><figcaption>Thomas Hilmes (1.Vorsitzender BSG Meppen e.V.) und Christian Willenborg (Tainer Emsland Rolli Kids\/Mobility) beantworten die wichtigsten Fragen (u.a. Wof\u00fcr werden die Spenden ben\u00f6tigt) zu der Spendenaktion!<\/figcaption><\/figure>\n\n\n\n<div class=\"wp-block-buttons is-layout-flex wp-block-buttons-is-layout-flex\">\n<div class=\"wp-block-button\"><a class=\"wp-block-button__link\" href=\"https:\/\/spendenmarathon.werder12emskoeppe.de\/?page_id=47\">Jetzt Spenden<\/a><\/div>\n<\/div>\n\n\n\n<p class=\"has-text-align-left\"><br>Bei der BSG Meppen e.V. gibt es eine weitere Gruppe &#8222;Emsland Rolli Mobility&#8220;, in der Erwachsene mit teils schweren k\u00f6rperlichen Behinderungen (z.B. durch schwere chronische Erkrankungen wie Multiple Sklerose) sich regelm\u00e4\u00dfig treffen, wo u.a. der Umgang mit dem Rollstuhl in Alltagsituationen vermittelt wird und die M\u00f6glichkeit besteht, sich unter Gleichgesinnte in einer angenehmen Atmosph\u00e4re (z.B. bei einem gemeinsamen Fr\u00fchst\u00fcck) austauschen zu k\u00f6nnen.<\/p>\n\n\n\n<figure class=\"wp-block-embed is-type-wp-embed is-provider-ems-tv wp-block-embed-ems-tv wp-embed-aspect-16-9 wp-has-aspect-ratio\"><div class=\"wp-block-embed__wrapper\">\n<blockquote class=\"wp-embedded-content\" data-secret=\"KsKZ1DG5tU\"><a href=\"https:\/\/emstv.de\/videobeitrag\/der-etwas-andere-marathon-fuer-den-guten-zweck\/\">Der etwas andere Marathon f\u00fcr den guten Zweck<\/a><\/blockquote><iframe loading=\"lazy\" class=\"wp-embedded-content\" sandbox=\"allow-scripts\" security=\"restricted\" style=\"position: absolute; clip: rect(1px, 1px, 1px, 1px);\" title=\"&#8222;Der etwas andere Marathon f\u00fcr den guten Zweck&#8220; &#8212; ems TV\" src=\"https:\/\/emstv.de\/videobeitrag\/der-etwas-andere-marathon-fuer-den-guten-zweck\/embed\/#?secret=KsKZ1DG5tU\" data-secret=\"KsKZ1DG5tU\" width=\"520\" height=\"293\" frameborder=\"0\" marginwidth=\"0\" marginheight=\"0\" scrolling=\"no\"><\/iframe>\n<\/div><figcaption>EMS TV: <strong>Der etwas andere Marathon f\u00fcr den guten Zweck<\/strong><\/figcaption><\/figure>\n\n\n\n<p class=\"has-text-align-left\"><br>Leider ist Corona seit zwei Jahren allgegenw\u00e4rtig, so dass viele schwere Schicksale in der \u00f6ffentlichkeit kaum noch Beachtung finden. Betroffene stehen oft mit gro\u00dfen physischen, psychischen und finanziellen Problemen alleine da. Die Gruppe &#8222;Emsland Rolli Mobility&#8220; hilft schon sehr bei den physischen und psychischen Herausforderungen, dennoch gibt es immer wieder finanzielle H\u00fcrden, die alleine durch eine Krankenversicherung nicht zu \u00fcberwinden sind.<br>Aus diesen Gr\u00fcnden haben die Kids den Wunsch, dass wir dieses Jahr gemeinsam f\u00fcr die &#8222;Emsland Rolli Mobility&#8220; eine Aktion ins Leben rufen. Bei so einem Wunsch m<mark style=\"background-color:rgba(0, 0, 0, 0)\" class=\"has-inline-color has-black-color\">ussten wir nicht lange \u00fcberlegen und haben die Aktion Spenden-Tandem-Marathon ins Leben gerufen!<br>Am Ostermontag wird unser Fanclubvorsitzender Bj\u00f6rn mit Jorge von den Rolli Kids am Meppener Rathaus zu einem Spenden-Tandem-Marathon starten. Hierbei wird Bj\u00f6rn die 42,195 Kilometer gemeinsam mit Jorge von den Rolli Kids, der aufgrund einer spastischen Diparese seit seiner Geburt im Rollstuhl sitzt, bew\u00e4ltigen.<\/mark><\/p>\n\n\n\n<figure class=\"wp-block-image size-large\"><img loading=\"lazy\" decoding=\"async\" width=\"1024\" height=\"958\" src=\"https:\/\/spendenmarathon.werder12emskoeppe.de\/wp-content\/uploads\/2022\/02\/AddText_02-27-12.02.48-1-1024x958.jpg\" alt=\"\" class=\"wp-image-330\" srcset=\"https:\/\/spendenmarathon.werder12emskoeppe.de\/wp-content\/uploads\/2022\/02\/AddText_02-27-12.02.48-1-1024x958.jpg 1024w, https:\/\/spendenmarathon.werder12emskoeppe.de\/wp-content\/uploads\/2022\/02\/AddText_02-27-12.02.48-1-300x281.jpg 300w, https:\/\/spendenmarathon.werder12emskoeppe.de\/wp-content\/uploads\/2022\/02\/AddText_02-27-12.02.48-1-768x719.jpg 768w, https:\/\/spendenmarathon.werder12emskoeppe.de\/wp-content\/uploads\/2022\/02\/AddText_02-27-12.02.48-1-1536x1437.jpg 1536w, https:\/\/spendenmarathon.werder12emskoeppe.de\/wp-content\/uploads\/2022\/02\/AddText_02-27-12.02.48-1-2048x1917.jpg 2048w, https:\/\/spendenmarathon.werder12emskoeppe.de\/wp-content\/uploads\/2022\/02\/AddText_02-27-12.02.48-1-1870x1750.jpg 1870w, https:\/\/spendenmarathon.werder12emskoeppe.de\/wp-content\/uploads\/2022\/02\/AddText_02-27-12.02.48-1-400x374.jpg 400w, https:\/\/spendenmarathon.werder12emskoeppe.de\/wp-content\/uploads\/2022\/02\/AddText_02-27-12.02.48-1-800x749.jpg 800w\" sizes=\"auto, (max-width: 1024px) 100vw, 1024px\" \/><figcaption>Jorge und Bj\u00f6rn werden gemeinsam die Marathondistanz bew\u00e4ltigen<\/figcaption><\/figure>\n\n\n\n<p class=\"has-text-align-left\"><br>Ihr habt die M\u00f6glichkeit, \u00fcber eine Spendenseite eine beliebige Summe f\u00fcr die Rolli Mobility zu spenden. F\u00fcr jede Spende wird nat\u00fcrlich eine Spendenquittung von der BSG Meppen auf Wunsch ausgestellt!<br>Es besteht nat\u00fcrlich auch die M\u00f6glichkeit, uns auf vielf\u00e4ltige Art und Weise (Beitrag teilen, Firmen\/Freunde markieren) zu unterst\u00fctzen. Wir sind \u00fcber jede Hilfe dankbar!<br><strong><mark style=\"background-color:rgba(0, 0, 0, 0);color:#ff9b00\" class=\"has-inline-color\">Bis dahin werden wir euch nat\u00fcrlich auch die Gruppe der Rolli Mobility n\u00e4her vorstellen. Stellvertretend werden Silke (49 Jahre, Multiple Sklerose seit 2000) und Kai (43, MS seit 2006) ihre individuellen Erfahrungen zu der Diagnose &#8222;Multiple Sklerose&#8220; erz\u00e4hlen.<\/mark><\/strong> MS ist eine unheilbare chronische Erkrankung des zentralen Nervensystems, die jeden jederzeit treffen kann.<br>Da jeder Krankheitsverlauf unterschiedlich verl\u00e4uft, nennt man MS auch die &#8222;Krankheit der 1000 Gesichter&#8220;. Somit belastet MS psychisch, physisch und finanziell nicht nur die betroffene Person, sondern die ganze Familie!<br>Des Weiteren haben wir nat\u00fcrlich auch diverse Highlights geplant. Lasst euch \u00fcberraschen!<br>Solltet ihr tolle Ideen haben, kontaktiert uns ganz einfach! Bitte unterst\u00fctzt uns dabei und zeigt allen, die gerade eine schwere Zeit durchmachen, dass wir sie auch w\u00e4hrend Corona nicht vergessen! Gemeinsam sind wir stark!<\/p>\n\n\n\n<div class=\"wp-block-buttons is-layout-flex wp-block-buttons-is-layout-flex\">\n<div class=\"wp-block-button\"><a class=\"wp-block-button__link\" href=\"https:\/\/spendenmarathon.werder12emskoeppe.de\/?page_id=47\">Jetzt Spenden<\/a><\/div>\n<\/div>\n\n\n\n<p class=\"has-text-align-left\"><br>Werde <strong>Helfer mit Herz<\/strong>, gemeinsam sind wir stark!<\/p>\n\n\n\n<p>Vielen Dank!<\/p>\n\n\n\n<div class=\"wp-block-columns is-layout-flex wp-container-core-columns-is-layout-9d6595d7 wp-block-columns-is-layout-flex\">\n<div class=\"wp-block-column is-layout-flow wp-block-column-is-layout-flow\" style=\"flex-basis:100%\">\n<figure class=\"wp-block-image size-full\"><a href=\"https:\/\/www.facebook.com\/Spenden.Tandem.Marathon.2022\"><img loading=\"lazy\" decoding=\"async\" width=\"892\" height=\"134\" src=\"https:\/\/spendenmarathon.werder12emskoeppe.de\/wp-content\/uploads\/2022\/01\/afa-1.png\" alt=\"\" class=\"wp-image-171\" srcset=\"https:\/\/spendenmarathon.werder12emskoeppe.de\/wp-content\/uploads\/2022\/01\/afa-1.png 892w, https:\/\/spendenmarathon.werder12emskoeppe.de\/wp-content\/uploads\/2022\/01\/afa-1-300x45.png 300w, https:\/\/spendenmarathon.werder12emskoeppe.de\/wp-content\/uploads\/2022\/01\/afa-1-768x115.png 768w, https:\/\/spendenmarathon.werder12emskoeppe.de\/wp-content\/uploads\/2022\/01\/afa-1-400x60.png 400w, https:\/\/spendenmarathon.werder12emskoeppe.de\/wp-content\/uploads\/2022\/01\/afa-1-800x120.png 800w\" sizes=\"auto, (max-width: 892px) 100vw, 892px\" \/><\/a><\/figure>\n<\/div>\n<\/div>\n\n\n\n<figure class=\"wp-block-image size-full\"><a href=\"https:\/\/www.instagram.com\/spenden.tandem.marathon.2022\/\"><img loading=\"lazy\" decoding=\"async\" width=\"879\" height=\"132\" src=\"https:\/\/spendenmarathon.werder12emskoeppe.de\/wp-content\/uploads\/2022\/01\/sdfdg.png\" alt=\"\" class=\"wp-image-169\" srcset=\"https:\/\/spendenmarathon.werder12emskoeppe.de\/wp-content\/uploads\/2022\/01\/sdfdg.png 879w, https:\/\/spendenmarathon.werder12emskoeppe.de\/wp-content\/uploads\/2022\/01\/sdfdg-300x45.png 300w, https:\/\/spendenmarathon.werder12emskoeppe.de\/wp-content\/uploads\/2022\/01\/sdfdg-768x115.png 768w, https:\/\/spendenmarathon.werder12emskoeppe.de\/wp-content\/uploads\/2022\/01\/sdfdg-400x60.png 400w, https:\/\/spendenmarathon.werder12emskoeppe.de\/wp-content\/uploads\/2022\/01\/sdfdg-800x120.png 800w\" sizes=\"auto, (max-width: 879px) 100vw, 879px\" \/><\/a><\/figure>\n\n\n\n<p><\/p>\n\n\n\n<p><\/p>\n","protected":false},"excerpt":{"rendered":"<p>Schockdiagnose MS &#8211; Was nun? &#8211; Ein Leben mit Multiple Sklerose Seit fast einem Jahrzehnt unterst\u00fctzen wir vom Werder Bremen Fanclub &#8222;Werder 12 Emsk\u00f6ppe&#8220; die Emsland Rolli Kidsvon der Behinderten Sportgemeinschaft (BSG) Meppen e.V. mit verschiedensten Aktionen (wie z.B. Einrollkids bei Werder Bremen und SV Meppen, Stadionbesichtigung, u.v.w.m.), um den Kids W\u00fcnsche zu erf\u00fcllen!Doch dieses [&hellip;]<\/p>\n","protected":false},"author":1,"featured_media":0,"parent":0,"menu_order":0,"comment_status":"closed","ping_status":"closed","template":"","meta":{"footnotes":""},"class_list":["post-6","page","type-page","status-publish","hentry","missing-thumbnail"],"_links":{"self":[{"href":"https:\/\/spendenmarathon.werder12emskoeppe.de\/index.php?rest_route=\/wp\/v2\/pages\/6","targetHints":{"allow":["GET"]}}],"collection":[{"href":"https:\/\/spendenmarathon.werder12emskoeppe.de\/index.php?rest_route=\/wp\/v2\/pages"}],"about":[{"href":"https:\/\/spendenmarathon.werder12emskoeppe.de\/index.php?rest_route=\/wp\/v2\/types\/page"}],"author":[{"embeddable":true,"href":"https:\/\/spendenmarathon.werder12emskoeppe.de\/index.php?rest_route=\/wp\/v2\/users\/1"}],"replies":[{"embeddable":true,"href":"https:\/\/spendenmarathon.werder12emskoeppe.de\/index.php?rest_route=%2Fwp%2Fv2%2Fcomments&post=6"}],"version-history":[{"count":29,"href":"https:\/\/spendenmarathon.werder12emskoeppe.de\/index.php?rest_route=\/wp\/v2\/pages\/6\/revisions"}],"predecessor-version":[{"id":407,"href":"https:\/\/spendenmarathon.werder12emskoeppe.de\/index.php?rest_route=\/wp\/v2\/pages\/6\/revisions\/407"}],"wp:attachment":[{"href":"https:\/\/spendenmarathon.werder12emskoeppe.de\/index.php?rest_route=%2Fwp%2Fv2%2Fmedia&parent=6"}],"curies":[{"name":"wp","href":"https:\/\/api.w.org\/{rel}","templated":true}]}}